{"id":24595,"date":"2020-09-18T13:17:46","date_gmt":"2020-09-18T11:17:46","guid":{"rendered":"https:\/\/damara.cat\/calendario-de-actividades\/"},"modified":"2026-01-22T13:30:24","modified_gmt":"2026-01-22T12:30:24","slug":"calendario-de-actividades","status":"publish","type":"page","link":"https:\/\/damara.cat\/es\/calendario-de-actividades\/","title":{"rendered":"Calendario de Actividades"},"content":{"rendered":"[et_pb_section fb_built=\u00bb1&#8243; disabled_on=\u00bbon|on|off\u00bb admin_label=\u00bbsection\u00bb _builder_version=\u00bb4.16&#8243; use_background_color_gradient=\u00bbon\u00bb background_color_gradient_direction=\u00bb76deg\u00bb background_color_gradient_stops=\u00bb#ffffff 41%|rgba(255,255,255,0) 71%\u00bb background_color_gradient_start=\u00bb#ffffff\u00bb background_color_gradient_start_position=\u00bb41%\u00bb background_color_gradient_end=\u00bbrgba(255,255,255,0)\u00bb background_color_gradient_end_position=\u00bb71%\u00bb background_image=\u00bbhttps:\/\/damara.cat\/wp-content\/uploads\/2019\/03\/terapia-per-a-infants-i-familiar-barri-de-gracia-barcelona-damara-1.jpg\u00bb background_position=\u00bbcenter_left\u00bb background_blend=\u00bbcolor-burn\u00bb custom_padding=\u00bb21px|0px|21px|0px|true|false\u00bb bottom_divider_height=\u00bb55px\u00bb bottom_divider_flip=\u00bbhorizontal\u00bb global_colors_info=\u00bb{}\u00bb][et_pb_row column_structure=\u00bb3_4,1_4&#8243; admin_label=\u00bbrow\u00bb _builder_version=\u00bb4.16&#8243; background_size=\u00bbinitial\u00bb background_position=\u00bbtop_left\u00bb background_repeat=\u00bbrepeat\u00bb global_colors_info=\u00bb{}\u00bb][et_pb_column type=\u00bb3_4&#8243; _builder_version=\u00bb4.16&#8243; custom_padding=\u00bb|||\u00bb global_colors_info=\u00bb{}\u00bb custom_padding__hover=\u00bb|||\u00bb][et_pb_text _builder_version=\u00bb4.16&#8243; text_font=\u00bb||||||||\u00bb header_font=\u00bbMontserrat Alternates||||||||\u00bb header_font_size=\u00bb60px\u00bb header_2_font=\u00bb||||||||\u00bb header_2_font_size=\u00bb20px\u00bb global_colors_info=\u00bb{}\u00bb]<h1>Calendari d&#8217;Activitats<\/h1>\n<h2>Pr\u00f2ximes xerrades, tallers i formacions<\/h2>[\/et_pb_text][\/et_pb_column][et_pb_column type=\u00bb1_4&#8243; _builder_version=\u00bb4.16&#8243; custom_padding=\u00bb|||\u00bb global_colors_info=\u00bb{}\u00bb custom_padding__hover=\u00bb|||\u00bb][\/et_pb_column][\/et_pb_row][\/et_pb_section][et_pb_section fb_built=\u00bb1&#8243; fullwidth=\u00bbon\u00bb disabled_on=\u00bboff|off|on\u00bb _builder_version=\u00bb4.16&#8243; background_image=\u00bbhttps:\/\/damara.cat\/wp-content\/uploads\/2019\/03\/terapia-per-a-infants-i-familiar-barri-de-gracia-barcelona-damara-3.jpg\u00bb global_colors_info=\u00bb{}\u00bb][et_pb_fullwidth_header title=\u00bbCalendari d&#8217;Activitats\u00bb subhead=\u00bbpr\u00f2ximes xerrades, tallers i formacions\u00bb text_orientation=\u00bbcenter\u00bb _builder_version=\u00bb4.27.5&#8243; title_font=\u00bbMontserrat Alternates||||||||\u00bb subhead_font=\u00bb|600|||||||\u00bb background_enable_color=\u00bboff\u00bb use_background_color_gradient=\u00bbon\u00bb background_color_gradient_type=\u00bbcircular\u00bb background_color_gradient_stops=\u00bb#ffffff 32%|rgba(255,255,255,0) 82%\u00bb background_color_gradient_start=\u00bb#ffffff\u00bb background_color_gradient_start_position=\u00bb32%\u00bb background_color_gradient_end=\u00bbrgba(255,255,255,0)\u00bb background_color_gradient_end_position=\u00bb82%\u00bb background_layout=\u00bblight\u00bb hover_enabled=\u00bb0&#8243; background_last_edited=\u00bbon|tablet\u00bb background_color_gradient_stops_tablet=\u00bb#ffffff 37%|rgba(255,255,255,0) 92%\u00bb background_color_gradient_start_position_tablet=\u00bb37%\u00bb background_color_gradient_end_position_tablet=\u00bb92%\u00bb global_colors_info=\u00bb{}\u00bb title_font_size_last_edited=\u00bbon|phone\u00bb title_font_size_phone=\u00bb1.5em\u00bb sticky_enabled=\u00bb0&#8243;][\/et_pb_fullwidth_header][\/et_pb_section][et_pb_section fb_built=\u00bb1&#8243; _builder_version=\u00bb4.16&#8243; background_image=\u00bbhttps:\/\/damara.cat\/wp-content\/uploads\/2019\/03\/terapia-per-a-infants-i-familiar-barri-de-gracia-barcelona-damara-39.png\u00bb background_size=\u00bbinitial\u00bb background_position=\u00bbtop_left\u00bb custom_margin=\u00bb|||\u00bb custom_padding=\u00bb89px|0px|60px|0|false|false\u00bb global_colors_info=\u00bb{}\u00bb][et_pb_row _builder_version=\u00bb4.16&#8243; global_colors_info=\u00bb{}\u00bb][et_pb_column type=\u00bb4_4&#8243; _builder_version=\u00bb4.16&#8243; global_colors_info=\u00bb{}\u00bb][et_pb_code _builder_version=\u00bb4.16&#8243; global_colors_info=\u00bb{}\u00bb]<div class=\"mec-wrap mec-skin-grid-container  \" id=\"mec_skin_23574\">\r\n    \r\n        \r\n        <div class=\"mec-skin-grid-events-container\" id=\"mec_skin_events_23574\">\r\n        \u00a1No hay eventos!    <\/div>\r\n        \r\n        \r\n<\/div>[\/et_pb_code][\/et_pb_column][\/et_pb_row][\/et_pb_section][et_pb_section fb_built=\u00bb1&#8243; fullwidth=\u00bbon\u00bb _builder_version=\u00bb3.27.3&#8243; global_module=\u00bb23616&#8243; global_colors_info=\u00bb{}\u00bb][et_pb_fullwidth_image src=\u00bbhttps:\/\/damara.cat\/wp-content\/uploads\/2019\/08\/terapia-per-a-infants-i-familiar-barri-de-gracia-barcelona-damara-55.jpg\u00bb _builder_version=\u00bb4.16&#8243; global_colors_info=\u00bb{}\u00bb][\/et_pb_fullwidth_image][\/et_pb_section][et_pb_section fb_built=\u00bb1&#8243; admin_label=\u00bbsection\u00bb _builder_version=\u00bb3.27.3&#8243; background_color=\u00bb#b0fad5&#8243; background_color_gradient_direction=\u00bb90deg\u00bb background_image=\u00bbhttps:\/\/damara.cat\/wp-content\/uploads\/2019\/03\/Damara-blanc-500.png\u00bb background_size=\u00bbcontain\u00bb background_position=\u00bbcenter_right\u00bb background_blend=\u00bbsoft-light\u00bb custom_padding=\u00bb0|0px|0px|0px|false|false\u00bb top_divider_height=\u00bb30px\u00bb bottom_divider_height=\u00bb55px\u00bb bottom_divider_flip=\u00bbhorizontal\u00bb global_module=\u00bb23609&#8243; saved_tabs=\u00bball\u00bb locked=\u00bboff\u00bb global_colors_info=\u00bb{}\u00bb][et_pb_row admin_label=\u00bbrow\u00bb _builder_version=\u00bb4.16&#8243; background_size=\u00bbinitial\u00bb background_position=\u00bbtop_left\u00bb background_repeat=\u00bbrepeat\u00bb width=\u00bb95%\u00bb max_width=\u00bb95%\u00bb module_alignment=\u00bbcenter\u00bb custom_padding=\u00bb14px|0px|10px|0px|false|false\u00bb global_colors_info=\u00bb{}\u00bb][et_pb_column type=\u00bb4_4&#8243; _builder_version=\u00bb4.16&#8243; custom_padding=\u00bb|||\u00bb global_colors_info=\u00bb{}\u00bb custom_padding__hover=\u00bb|||\u00bb][et_pb_text admin_label=\u00bbText\u00bb _builder_version=\u00bb4.16&#8243; background_size=\u00bbinitial\u00bb background_position=\u00bbtop_left\u00bb background_repeat=\u00bbrepeat\u00bb custom_margin=\u00bb||22px|||\u00bb global_colors_info=\u00bb{}\u00bb][\/et_pb_text][et_pb_text _builder_version=\u00bb4.16&#8243; header_5_font=\u00bbMontserrat Alternates||||||||\u00bb text_orientation=\u00bbcenter\u00bb header_5_font_size_tablet=\u00bb\u00bb header_5_font_size_phone=\u00bb22px\u00bb header_5_font_size_last_edited=\u00bbon|desktop\u00bb text_text_align=\u00bbcenter\u00bb global_colors_info=\u00bb{}\u00bb]<h5>Si voleu estar al dia de les darreres novetats, subscriviu-vos i us enviarem av\u00eds dels nous articles, tallers, xerrades, etc.<\/h5>\n<p><em>Sense spam<\/em><\/p>[\/et_pb_text][et_pb_code _builder_version=\u00bb4.16&#8243; custom_margin=\u00bb||18px|||\u00bb global_colors_info=\u00bb{}\u00bb][\/et_pb_code][et_pb_text _builder_version=\u00bb4.21.0&#8243; text_font=\u00bb||||||||\u00bb text_font_size=\u00bb12px\u00bb text_line_height=\u00bb1.3em\u00bb locked=\u00bboff\u00bb global_colors_info=\u00bb{}\u00bb]<p><strong>Responsable<\/strong>: Nuria Gros de Damara, acompanyament a infants i fam\u00edlies. <strong>Finalitat<\/strong>: gestionar l&#8217;alta a aquesta subscripci\u00f3 i l&#8217;enviament de les meves publicacions aix\u00ed com correus comercials. Legitimaci\u00f3: \u00e9s gr\u00e0cies al vostre consentiment. <strong>Destinataris<\/strong>: les vostres dades es troben allotjades a la plataforma d&#8217;email m\u00e0rqueting Mailchimp el titular de la qual \u00e9s The Rocket Science Group LLC, amb seu als EUA (<a href=\"https:\/\/mailchimp.com\/legal\/privacy\/\" target=\"_blank\" rel=\"noopener noreferrer\">veure pol\u00edtica de privacitat de Mailchimp<\/a>). Podreu exercir els vostres\u00a0<strong>drets<\/strong> d&#8217;acc\u00e9s, rectificaci\u00f3, limitaci\u00f3 o suprimir les vostres dades tot enviant un email a centre@damara.cat. Informaci\u00f3 addicional: Podeu ampliar la informaci\u00f3 a l&#8217;<a href=\"https:\/\/damara.cat\/aviso-legal\/\" target=\"_blank\" rel=\"noopener noreferrer\">av\u00eds legal<\/a> i <a href=\"https:\/\/damara.cat\/privacy-policy\/\" target=\"_blank\" rel=\"noopener noreferrer\">pol\u00edtica de privacitat<\/a>.<\/p>[\/et_pb_text][\/et_pb_column][\/et_pb_row][\/et_pb_section]","protected":false},"excerpt":{"rendered":"<p>Calendari d&#8217;Activitats Pr\u00f2ximes xerrades, tallers i formacions<div class=\"mec-wrap mec-skin-grid-container  \" id=\"mec_skin_23574\">\r\n    \r\n        \r\n        <div class=\"mec-skin-grid-events-container\" id=\"mec_skin_events_23574\">\r\n        \u00a1No hay eventos!    <\/div>\r\n        \r\n        \r\n<\/div>Si voleu estar al dia de les darreres novetats, subscriviu-vos i us enviarem av\u00eds dels nous articles, tallers, xerrades, etc. Sense spamResponsable: Nuria Gros de Damara, acompanyament a infants i fam\u00edlies. Finalitat: gestionar l&#8217;alta a aquesta subscripci\u00f3 i l&#8217;enviament de les meves publicacions [&hellip;]<\/p>\n","protected":false},"author":4,"featured_media":0,"parent":0,"menu_order":0,"comment_status":"closed","ping_status":"closed","template":"","meta":{"_et_pb_use_builder":"on","_et_pb_old_content":"","_et_gb_content_width":"","_joinchat":[],"footnotes":""},"class_list":["post-24595","page","type-page","status-publish","hentry"],"yoast_head":"<!-- This site is optimized with the Yoast SEO plugin v27.4 - https:\/\/yoast.com\/product\/yoast-seo-wordpress\/ -->\n<title>Calendario de Actividades &#8226; Damara<\/title>\n<meta name=\"robots\" content=\"noindex, nofollow\" \/>\n<meta property=\"og:locale\" content=\"es_ES\" \/>\n<meta property=\"og:type\" content=\"article\" \/>\n<meta property=\"og:title\" content=\"Calendario de Actividades &#8226; Damara\" \/>\n<meta property=\"og:url\" content=\"https:\/\/damara.cat\/es\/calendario-de-actividades\/\" \/>\n<meta property=\"og:site_name\" content=\"Damara\" \/>\n<meta property=\"article:publisher\" content=\"https:\/\/www.facebook.com\/damara.cat\/\" \/>\n<meta property=\"article:modified_time\" content=\"2026-01-22T12:30:24+00:00\" \/>\n<meta property=\"og:image\" content=\"https:\/\/damara.cat\/wp-content\/uploads\/2019\/08\/damara-barri-de-gracia-barcelona-acompanyament-a-infants-i-families.jpg\" \/>\n\t<meta property=\"og:image:width\" content=\"1000\" \/>\n\t<meta property=\"og:image:height\" content=\"523\" \/>\n\t<meta property=\"og:image:type\" content=\"image\/jpeg\" \/>\n<meta name=\"twitter:card\" content=\"summary_large_image\" \/>\n<meta name=\"twitter:label1\" content=\"Tiempo de lectura\" \/>\n\t<meta name=\"twitter:data1\" content=\"4 minutos\" \/>\n<script type=\"application\/ld+json\" class=\"yoast-schema-graph\">{\"@context\":\"https:\\\/\\\/schema.org\",\"@graph\":[{\"@type\":\"WebPage\",\"@id\":\"https:\\\/\\\/damara.cat\\\/es\\\/calendario-de-actividades\\\/\",\"url\":\"https:\\\/\\\/damara.cat\\\/es\\\/calendario-de-actividades\\\/\",\"name\":\"Calendario de Actividades &#8226; Damara\",\"isPartOf\":{\"@id\":\"https:\\\/\\\/damara.cat\\\/es\\\/#website\"},\"datePublished\":\"2020-09-18T11:17:46+00:00\",\"dateModified\":\"2026-01-22T12:30:24+00:00\",\"breadcrumb\":{\"@id\":\"https:\\\/\\\/damara.cat\\\/es\\\/calendario-de-actividades\\\/#breadcrumb\"},\"inLanguage\":\"es\",\"potentialAction\":[{\"@type\":\"ReadAction\",\"target\":[\"https:\\\/\\\/damara.cat\\\/es\\\/calendario-de-actividades\\\/\"]}]},{\"@type\":\"BreadcrumbList\",\"@id\":\"https:\\\/\\\/damara.cat\\\/es\\\/calendario-de-actividades\\\/#breadcrumb\",\"itemListElement\":[{\"@type\":\"ListItem\",\"position\":1,\"name\":\"Portada\",\"item\":\"https:\\\/\\\/damara.cat\\\/es\\\/\"},{\"@type\":\"ListItem\",\"position\":2,\"name\":\"Calendario de Actividades\"}]},{\"@type\":\"WebSite\",\"@id\":\"https:\\\/\\\/damara.cat\\\/es\\\/#website\",\"url\":\"https:\\\/\\\/damara.cat\\\/es\\\/\",\"name\":\"Damara\",\"description\":\"Acompanyament a infants i fam\u00edlies\",\"publisher\":{\"@id\":\"https:\\\/\\\/damara.cat\\\/es\\\/#organization\"},\"potentialAction\":[{\"@type\":\"SearchAction\",\"target\":{\"@type\":\"EntryPoint\",\"urlTemplate\":\"https:\\\/\\\/damara.cat\\\/es\\\/?s={search_term_string}\"},\"query-input\":{\"@type\":\"PropertyValueSpecification\",\"valueRequired\":true,\"valueName\":\"search_term_string\"}}],\"inLanguage\":\"es\"},{\"@type\":\"Organization\",\"@id\":\"https:\\\/\\\/damara.cat\\\/es\\\/#organization\",\"name\":\"Damara\",\"url\":\"https:\\\/\\\/damara.cat\\\/es\\\/\",\"logo\":{\"@type\":\"ImageObject\",\"inLanguage\":\"es\",\"@id\":\"https:\\\/\\\/damara.cat\\\/es\\\/#\\\/schema\\\/logo\\\/image\\\/\",\"url\":\"https:\\\/\\\/damara.cat\\\/wp-content\\\/uploads\\\/2019\\\/03\\\/Damara-acompanyament-a-infants-i-families-1000-2.png\",\"contentUrl\":\"https:\\\/\\\/damara.cat\\\/wp-content\\\/uploads\\\/2019\\\/03\\\/Damara-acompanyament-a-infants-i-families-1000-2.png\",\"width\":1000,\"height\":538,\"caption\":\"Damara\"},\"image\":{\"@id\":\"https:\\\/\\\/damara.cat\\\/es\\\/#\\\/schema\\\/logo\\\/image\\\/\"},\"sameAs\":[\"https:\\\/\\\/www.facebook.com\\\/damara.cat\\\/\"]}]}<\/script>\n<!-- \/ Yoast SEO plugin. -->","yoast_head_json":{"title":"Calendario de Actividades &#8226; Damara","robots":{"index":"noindex","follow":"nofollow"},"og_locale":"es_ES","og_type":"article","og_title":"Calendario de Actividades &#8226; Damara","og_url":"https:\/\/damara.cat\/es\/calendario-de-actividades\/","og_site_name":"Damara","article_publisher":"https:\/\/www.facebook.com\/damara.cat\/","article_modified_time":"2026-01-22T12:30:24+00:00","og_image":[{"width":1000,"height":523,"url":"https:\/\/damara.cat\/wp-content\/uploads\/2019\/08\/damara-barri-de-gracia-barcelona-acompanyament-a-infants-i-families.jpg","type":"image\/jpeg"}],"twitter_card":"summary_large_image","twitter_misc":{"Tiempo de lectura":"4 minutos"},"schema":{"@context":"https:\/\/schema.org","@graph":[{"@type":"WebPage","@id":"https:\/\/damara.cat\/es\/calendario-de-actividades\/","url":"https:\/\/damara.cat\/es\/calendario-de-actividades\/","name":"Calendario de Actividades &#8226; Damara","isPartOf":{"@id":"https:\/\/damara.cat\/es\/#website"},"datePublished":"2020-09-18T11:17:46+00:00","dateModified":"2026-01-22T12:30:24+00:00","breadcrumb":{"@id":"https:\/\/damara.cat\/es\/calendario-de-actividades\/#breadcrumb"},"inLanguage":"es","potentialAction":[{"@type":"ReadAction","target":["https:\/\/damara.cat\/es\/calendario-de-actividades\/"]}]},{"@type":"BreadcrumbList","@id":"https:\/\/damara.cat\/es\/calendario-de-actividades\/#breadcrumb","itemListElement":[{"@type":"ListItem","position":1,"name":"Portada","item":"https:\/\/damara.cat\/es\/"},{"@type":"ListItem","position":2,"name":"Calendario de Actividades"}]},{"@type":"WebSite","@id":"https:\/\/damara.cat\/es\/#website","url":"https:\/\/damara.cat\/es\/","name":"Damara","description":"Acompanyament a infants i fam\u00edlies","publisher":{"@id":"https:\/\/damara.cat\/es\/#organization"},"potentialAction":[{"@type":"SearchAction","target":{"@type":"EntryPoint","urlTemplate":"https:\/\/damara.cat\/es\/?s={search_term_string}"},"query-input":{"@type":"PropertyValueSpecification","valueRequired":true,"valueName":"search_term_string"}}],"inLanguage":"es"},{"@type":"Organization","@id":"https:\/\/damara.cat\/es\/#organization","name":"Damara","url":"https:\/\/damara.cat\/es\/","logo":{"@type":"ImageObject","inLanguage":"es","@id":"https:\/\/damara.cat\/es\/#\/schema\/logo\/image\/","url":"https:\/\/damara.cat\/wp-content\/uploads\/2019\/03\/Damara-acompanyament-a-infants-i-families-1000-2.png","contentUrl":"https:\/\/damara.cat\/wp-content\/uploads\/2019\/03\/Damara-acompanyament-a-infants-i-families-1000-2.png","width":1000,"height":538,"caption":"Damara"},"image":{"@id":"https:\/\/damara.cat\/es\/#\/schema\/logo\/image\/"},"sameAs":["https:\/\/www.facebook.com\/damara.cat\/"]}]}},"_links":{"self":[{"href":"https:\/\/damara.cat\/es\/wp-json\/wp\/v2\/pages\/24595","targetHints":{"allow":["GET"]}}],"collection":[{"href":"https:\/\/damara.cat\/es\/wp-json\/wp\/v2\/pages"}],"about":[{"href":"https:\/\/damara.cat\/es\/wp-json\/wp\/v2\/types\/page"}],"author":[{"embeddable":true,"href":"https:\/\/damara.cat\/es\/wp-json\/wp\/v2\/users\/4"}],"replies":[{"embeddable":true,"href":"https:\/\/damara.cat\/es\/wp-json\/wp\/v2\/comments?post=24595"}],"version-history":[{"count":1,"href":"https:\/\/damara.cat\/es\/wp-json\/wp\/v2\/pages\/24595\/revisions"}],"predecessor-version":[{"id":25604,"href":"https:\/\/damara.cat\/es\/wp-json\/wp\/v2\/pages\/24595\/revisions\/25604"}],"wp:attachment":[{"href":"https:\/\/damara.cat\/es\/wp-json\/wp\/v2\/media?parent=24595"}],"curies":[{"name":"wp","href":"https:\/\/api.w.org\/{rel}","templated":true}]}}