{"id":24524,"date":"2020-09-14T22:48:04","date_gmt":"2020-09-14T20:48:04","guid":{"rendered":"https:\/\/damara.cat\/maixa-sola-sanchez-terapeuta-infantil-y-juvenil\/"},"modified":"2020-12-01T12:27:41","modified_gmt":"2020-12-01T11:27:41","slug":"maixa-sola-sanchez-terapeuta-infantil-y-juvenil","status":"publish","type":"page","link":"https:\/\/damara.cat\/es\/maixa-sola-sanchez-terapeuta-infantil-y-juvenil\/","title":{"rendered":"Maixa Sol\u00e0 S\u00e0nchez Terapeuta infantil y juvenil"},"content":{"rendered":"\n[et_pb_section fb_built=\u00bb1&#8243; fullwidth=\u00bbon\u00bb disabled_on=\u00bboff|off|off\u00bb _builder_version=\u00bb3.26.7&#8243; background_enable_image=\u00bboff\u00bb background_position=\u00bbtop_center\u00bb][et_pb_fullwidth_image src=\u00bbhttps:\/\/damara.cat\/wp-content\/uploads\/2019\/08\/terapia-per-a-infants-i-familiar-barri-de-gracia-barcelona-damara-42.jpg\u00bb _builder_version=\u00bb3.27.2&#8243;][\/et_pb_fullwidth_image][\/et_pb_section][et_pb_section fb_built=\u00bb1&#8243; custom_padding_last_edited=\u00bbon|phone\u00bb _builder_version=\u00bb3.22.3&#8243; custom_padding=\u00bb1px|0|15px|0px|false|false\u00bb custom_padding_tablet=\u00bb\u00bb custom_padding_phone=\u00bb7px|0|44px|0px|false|false\u00bb][et_pb_row column_structure=\u00bb3_5,2_5&#8243; _builder_version=\u00bb3.25&#8243; custom_padding=\u00bb1px|||||\u00bb][et_pb_column type=\u00bb3_5&#8243; _builder_version=\u00bb3.25&#8243; custom_padding=\u00bb|||\u00bb custom_padding__hover=\u00bb|||\u00bb][et_pb_text _builder_version=\u00bb3.27.4&#8243; text_font=\u00bb||||||||\u00bb header_font_size=\u00bb35px\u00bb header_2_font=\u00bbMontserrat||||||||\u00bb header_2_text_color=\u00bb#aa9f9e\u00bb header_2_font_size=\u00bb20px\u00bb header_6_font_size=\u00bb21px\u00bb]<h1>Maixa Sol\u00e0 S\u00e0nchez<\/h1>\n<h2>Terapeuta infantil y juvenil<\/h2>[\/et_pb_text][et_pb_text _builder_version=\u00bb3.27.4&#8243;]<p>Psic\u00f3loga y terapeuta infantil y juvenil. M\u00e1ster en Psicolog\u00eda Social (UAB). Formada en Terapia Gestalt, Sist\u00e9mica familiar y Terapia de Juego. Especializada en acompa\u00f1amiento a ni\u00f1xs, j\u00f3venes y a sus familias en contextos de vulnerabilidad social.<\/p>\n<p>Psicolog\u00eda (UAB). Premio extraordinario.<br \/>M\u00e1ster en Psicolog\u00eda Social (UAB).<br \/>Terapia Gestalt (Espai L\u00fadic. Escola Gestalt de Catalunya).<br \/>M\u00e1ster en Sist\u00e9mica Familiar. Perspectiva Integradora (UdG i IESP).<br \/>Play Therapy (Play Therapy UK, amb Joaqu\u00edn Blix).<br \/>Constelacions familiares, sist\u00e9mica y uso del campo fenomenol\u00f3gico. (Espai L\u00fadic. Escola Gestalt de Catalunya, con Charo Rojas Guerrero).<\/p>[\/et_pb_text][\/et_pb_column][et_pb_column type=\u00bb2_5&#8243; _builder_version=\u00bb3.25&#8243; custom_padding=\u00bb|||\u00bb custom_padding__hover=\u00bb|||\u00bb][et_pb_image src=\u00bbhttps:\/\/damara.cat\/wp-content\/uploads\/2019\/09\/Damara-Maixa-Sola-Sanchez-Terapeuta-infantil-juvenil-3.jpg\u00bb align_tablet=\u00bb\u00bb align_phone=\u00bbcenter\u00bb align_last_edited=\u00bbon|desktop\u00bb _builder_version=\u00bb3.29.3&#8243; max_width=\u00bb88%\u00bb max_width_tablet=\u00bb58%\u00bb max_width_phone=\u00bb77%\u00bb max_width_last_edited=\u00bbon|tablet\u00bb module_alignment=\u00bbleft\u00bb custom_margin_tablet=\u00bb0px||||false|false\u00bb custom_margin_phone=\u00bb\u00bb custom_margin_last_edited=\u00bbon|phone\u00bb custom_padding=\u00bb1px|||||\u00bb module_alignment_tablet=\u00bbcenter\u00bb module_alignment_phone=\u00bbcenter\u00bb module_alignment_last_edited=\u00bbon|phone\u00bb border_radii=\u00bbon|1000px|1000px|1000px|1000px\u00bb box_shadow_style=\u00bbpreset4&#8243; box_shadow_horizontal=\u00bb15px\u00bb box_shadow_vertical=\u00bb15px\u00bb box_shadow_color=\u00bb#eaeaea\u00bb src__hover_enabled=\u00bbon|desktop\u00bb][\/et_pb_image][\/et_pb_column][\/et_pb_row][\/et_pb_section][et_pb_section fb_built=\u00bb1&#8243; _builder_version=\u00bb3.22.3&#8243; background_image=\u00bbhttps:\/\/damara.cat\/wp-content\/uploads\/2019\/03\/terapia-per-a-infants-i-familiar-barri-de-gracia-barcelona-damara-39.png\u00bb background_size=\u00bbinitial\u00bb background_position=\u00bbtop_left\u00bb custom_margin=\u00bb|||\u00bb custom_padding=\u00bb82px|0px|46px|0|false|false\u00bb][et_pb_row _builder_version=\u00bb3.25&#8243;][et_pb_column type=\u00bb4_4&#8243; _builder_version=\u00bb3.25&#8243; custom_padding=\u00bb|||\u00bb custom_padding__hover=\u00bb|||\u00bb][et_pb_text _builder_version=\u00bb3.27.4&#8243;]<h3>El descubrimiento vocacional<\/h3>[\/et_pb_text][\/et_pb_column][\/et_pb_row][et_pb_row _builder_version=\u00bb3.25&#8243; custom_padding=\u00bb26px|0px|27px|0px|false|false\u00bb][et_pb_column type=\u00bb4_4&#8243; _builder_version=\u00bb3.25&#8243; custom_padding=\u00bb|||\u00bb custom_padding__hover=\u00bb|||\u00bb][et_pb_text _builder_version=\u00bb3.27.4&#8243;]<p><span style=\"font-weight: 400;\">Mi recorrido profesional como terapeuta, desde una perspectiva humanista y principalmente basada en el acompa\u00f1amiento amoroso y respetuoso, comenz\u00f3 precisamente con mi proceso personal. Es decir, yendo a terapia.\u00a0<\/span><\/p>\n<p>&nbsp;<\/p>\n<p><span style=\"font-weight: 400;\">Hacer este camino me ayud\u00f3 a ir esclareciendo, con paso lento pero firme, cu\u00e1l quer\u00eda que fuera mi horizonte. As\u00ed, durante 3 a\u00f1os llev\u00e9 a cabo la formaci\u00f3n de Terapia Gestalt (Espacio L\u00fadico. Escuela Gestalt de Catalu\u00f1a).\u00a0<\/span><\/p>\n<p>&nbsp;<\/p>\n<p><span style=\"font-weight: 400;\">Paralelamente, desde hace 10 a\u00f1os, desde el trabajo socioeducativo he acompa\u00f1ado a ni\u00f1xs y familias que viven situaciones de vulnerabilidad social. A ra\u00edz de esta experiencia, he podido observar la importancia del acompa\u00f1amiento a la infancia y a sus familias a trav\u00e9s del v\u00ednculo respetuoso y del juego; as\u00ed como he constatado la influencia que tienen las figuras adultas de referencia en el desarrollo de los ni\u00f1xs.\u00a0<\/span><\/p>\n<p>&nbsp;<\/p>\n<p><span style=\"font-weight: 400;\">Las ganas de trabajar mejor y la curiosidad para comprender, me llev\u00f3 a iniciar dos formaciones en paralelo: M\u00e1ster en Terapia Familiar Sist\u00e9mica desde una Perspectiva Integradora (UdG y Instituto de Estudios de la Sexualidad y la Pareja), y Play Therapy (Play Therapy UK, con Joaqu\u00edn Blix). Adem\u00e1s, durante este periodo, hace ya 4 a\u00f1os, empec\u00e9 a ejercer como terapeuta. Actualmente soy colaboradora de Damara.\u00a0<\/span><\/p>\n<p>&nbsp;<\/p>[\/et_pb_text][\/et_pb_column][\/et_pb_row][\/et_pb_section][et_pb_section fb_built=\u00bb1&#8243; custom_padding_last_edited=\u00bbon|desktop\u00bb _builder_version=\u00bb3.26.7&#8243; background_color=\u00bb#fafafa\u00bb background_image=\u00bbhttps:\/\/damara.cat\/wp-content\/uploads\/2019\/03\/terapia-per-a-infants-i-familiar-barri-de-gracia-barcelona-damara-37.png\u00bb background_size=\u00bbinitial\u00bb background_position=\u00bbbottom_right\u00bb custom_padding=\u00bb75px|0px|75px|0px|true|false\u00bb custom_padding_tablet=\u00bb\u00bb custom_padding_phone=\u00bb36px||36px||true|false\u00bb][et_pb_row _builder_version=\u00bb3.26.7&#8243;][et_pb_column type=\u00bb4_4&#8243; _builder_version=\u00bb3.26.7&#8243;][et_pb_text _builder_version=\u00bb3.27.4&#8243;]<h3>Mi gran herramienta de trabajo: la terapia de juego centrada en ni\u00f1xs<\/h3>[\/et_pb_text][et_pb_text _builder_version=\u00bb3.27.4&#8243;]<p><span style=\"font-weight: 400;\">En esencia, entiendo la relaci\u00f3n terap\u00e9utica como una herramienta de transformaci\u00f3n, un acompa\u00f1amiento que posibilita el crecimiento de la autoconfianza y que fomenta el desarrollo integral y saludable en las personas.\u00a0<\/span><\/p>\n<p>&nbsp;<\/p>\n<p><span style=\"font-weight: 400;\">Siento el juego como la principal forma que tienen lxs ni\u00f1xs para relacionarse entre ellos y con ellos mismos y con el mundo. A trav\u00e9s del juego lxs ni\u00f1xs vac\u00edan en el mundo todo lo que est\u00e1 dentro de ellos, y considero clave, para el trabajo terap\u00e9utico, acompa\u00f1arlos en estos momentos. Adem\u00e1s, las personas nos construimos en el mundo tal y como nosotros sentimos que el mundo se relaciona con nosotros. Y esta relaci\u00f3n en un ni\u00f1o parte principalmente de sus figuras paternas, maternas y\/o de referencia. Es decir, su sistema familiar.\u00a0<\/span><\/p>\n<p>&nbsp;<\/p>\n<p><span style=\"font-weight: 400;\">Mi pasi\u00f3n por lxs ni\u00f1xs, junto con mi convicci\u00f3n por los procesos terap\u00e9uticos, hacen que la <\/span><b>terapia de juego<\/b> <b>centrada en ni\u00f1xs<\/b><span style=\"font-weight: 400;\"> sea <\/span><b>mi gran herramienta de trabajo<\/b><span style=\"font-weight: 400;\">.\u00a0<\/span><\/p>[\/et_pb_text][\/et_pb_column][\/et_pb_row][\/et_pb_section][et_pb_section fb_built=\u00bb1&#8243; custom_padding_last_edited=\u00bbon|desktop\u00bb _builder_version=\u00bb3.26.7&#8243; custom_padding=\u00bb||38px|||\u00bb custom_padding_tablet=\u00bb\u00bb custom_padding_phone=\u00bb||0px||false|false\u00bb][et_pb_row _builder_version=\u00bb3.25&#8243;][et_pb_column type=\u00bb4_4&#8243; _builder_version=\u00bb3.25&#8243; custom_padding=\u00bb|||\u00bb custom_padding__hover=\u00bb|||\u00bb][et_pb_text _builder_version=\u00bb3.27.4&#8243;]<h3>\u00c1mbitos de trabajo<\/h3>[\/et_pb_text][et_pb_text _builder_version=\u00bb3.27.4&#8243;]<span style=\"font-weight: 400;\">Trabajo desde la perspectiva de Play Therapy, el trabajo familiar sist\u00e9mico, la terapia Gestalt y, recientemente, tambi\u00e9n las constelaciones familiares. <\/span>[\/et_pb_text][\/et_pb_column][\/et_pb_row][\/et_pb_section][et_pb_section fb_built=\u00bb1&#8243; custom_padding_last_edited=\u00bbon|phone\u00bb prev_background_color=\u00bb#ffffff\u00bb admin_label=\u00bbsection\u00bb _builder_version=\u00bb3.27.3&#8243; background_color=\u00bb#b0fad5&#8243; use_background_color_gradient=\u00bbon\u00bb background_color_gradient_start=\u00bb#b0fad5&#8243; background_color_gradient_end=\u00bb#89f9c1&#8243; background_color_gradient_direction=\u00bb246deg\u00bb background_color_gradient_end_position=\u00bb53%\u00bb background_image=\u00bbhttps:\/\/damara.cat\/wp-content\/uploads\/2019\/03\/Damara-blanc-500.png\u00bb background_size=\u00bbcontain\u00bb background_position=\u00bbcenter_right\u00bb background_blend=\u00bbsoft-light\u00bb custom_padding=\u00bb0|0px|0|0px|false|false\u00bb custom_padding_tablet=\u00bb\u00bb custom_padding_phone=\u00bb38px||||false|false\u00bb top_divider_style=\u00bbarrow2&#8243; top_divider_height=\u00bb27px\u00bb bottom_divider_height=\u00bb55px\u00bb bottom_divider_flip=\u00bbhorizontal\u00bb saved_tabs=\u00bball\u00bb locked=\u00bboff\u00bb][et_pb_row admin_label=\u00bbrow\u00bb _builder_version=\u00bb3.27.3&#8243; background_size=\u00bbinitial\u00bb background_position=\u00bbtop_left\u00bb background_repeat=\u00bbrepeat\u00bb width=\u00bb95%\u00bb max_width=\u00bb95%\u00bb module_alignment=\u00bbcenter\u00bb custom_padding=\u00bb14px|0px|10px|0px|false|false\u00bb][et_pb_column type=\u00bb4_4&#8243; _builder_version=\u00bb3.25&#8243; custom_padding=\u00bb|||\u00bb custom_padding__hover=\u00bb|||\u00bb][et_pb_text admin_label=\u00bbText\u00bb _builder_version=\u00bb3.27.4&#8243; background_size=\u00bbinitial\u00bb background_position=\u00bbtop_left\u00bb background_repeat=\u00bbrepeat\u00bb custom_margin=\u00bb||22px|||\u00bb][\/et_pb_text][et_pb_text _builder_version=\u00bb3.29.3&#8243; text_orientation=\u00bbcenter\u00bb custom_padding=\u00bb12px||||false|false\u00bb custom_padding_tablet=\u00bb\u00bb custom_padding_phone=\u00bb\u00bb custom_padding_last_edited=\u00bbon|tablet\u00bb header_5_font_size_tablet=\u00bb27px\u00bb header_5_font_size_phone=\u00bb25px\u00bb header_5_font_size_last_edited=\u00bbon|desktop\u00bb text_text_align=\u00bbcenter\u00bb]<h5>Si quer\u00e9is estar al d\u00eda de las \u00faltimas novedades de Damara, suscribiros y os enviaremos aviso de los nuevos art\u00edculos, talleres, charlas, etc.<\/h5>[\/et_pb_text][et_pb_code _builder_version=\u00bb3.21&#8243; custom_margin=\u00bb||18px|||\u00bb][\/et_pb_code][et_pb_text _builder_version=\u00bb3.29.3&#8243; text_font=\u00bb||||||||\u00bb text_font_size=\u00bb12px\u00bb text_line_height=\u00bb1.3em\u00bb locked=\u00bboff\u00bb]<span style=\"font-weight: 400;\"><strong>Responsable:<\/strong> Nuria Gros de Damara.\u00a0<\/span><span style=\"font-weight: 400;\"><strong>Finalidad:<\/strong> gestionar el alta en esta suscripci\u00f3n y el env\u00edo de mis publicaciones as\u00ed como correos comerciales.\u00a0<\/span><span style=\"font-weight: 400;\"><strong>Legitimaci\u00f3n:<\/strong> es gracias a vuestro consentimiento.\u00a0<\/span><span style=\"font-weight: 400;\"><strong>Destinatarios:<\/strong> vuestros datos se encuentran alojados en la plataforma de email marketing MailChimp cuyo titular es The Rocket Science Group LLC, con sede en EEUU (ver pol\u00edtica de privacidad de MailChimp). <\/span><span style=\"font-weight: 400;\">Podr\u00e9is ejercer vuestros <strong>derechos<\/strong> de acceso, rectificaci\u00f3n, limitaci\u00f3n o eliminar vuestros datos enviando un email a centre@damara.cat. Informaci\u00f3n adicional: Pod\u00e9is ampliar la informaci\u00f3n en el aviso legal y pol\u00edtica de privacidad.<\/span><b>\u00a0<\/b>[\/et_pb_text][\/et_pb_column][\/et_pb_row][\/et_pb_section]\n","protected":false},"excerpt":{"rendered":"<p>Maixa Sol\u00e0 S\u00e0nchez Terapeuta infantil y juvenilPsic\u00f3loga y terapeuta infantil y juvenil. M\u00e1ster en Psicolog\u00eda Social (UAB). Formada en Terapia Gestalt, Sist\u00e9mica familiar y Terapia de Juego. Especializada en acompa\u00f1amiento a ni\u00f1xs, j\u00f3venes y a sus familias en contextos de vulnerabilidad social. Psicolog\u00eda (UAB). Premio extraordinario.M\u00e1ster en Psicolog\u00eda Social (UAB).Terapia Gestalt (Espai L\u00fadic. Escola Gestalt [&hellip;]<\/p>\n","protected":false},"author":4,"featured_media":24454,"parent":0,"menu_order":0,"comment_status":"closed","ping_status":"closed","template":"","meta":{"_et_pb_use_builder":"on","_et_pb_old_content":"","_et_gb_content_width":"","_joinchat":[],"footnotes":""},"class_list":["post-24524","page","type-page","status-publish","has-post-thumbnail","hentry"],"yoast_head":"<!-- This site is optimized with the Yoast SEO plugin v27.5 - https:\/\/yoast.com\/product\/yoast-seo-wordpress\/ -->\n<title>Maixa Sol\u00e0 S\u00e0nchez Terapeuta infantil y juvenil &#8226; Damara<\/title>\n<meta name=\"description\" content=\"Psic\u00f3loga y terapeuta infantil y juvenil. M\u00e1ster en Psicolog\u00eda Social (UAB). Formada en Terapia Gestalt, Sist\u00e9mica familiar y Terapia de Juego. Especializada en acompa\u00f1amiento a ni\u00f1os, j\u00f3venes y a sus familias en contextos de vulnerabilidad social.\" \/>\n<meta name=\"robots\" content=\"index, follow, max-snippet:-1, max-image-preview:large, max-video-preview:-1\" \/>\n<link rel=\"canonical\" href=\"https:\/\/damara.cat\/es\/maixa-sola-sanchez-terapeuta-infantil-y-juvenil\/\" \/>\n<meta property=\"og:locale\" content=\"es_ES\" \/>\n<meta property=\"og:type\" content=\"article\" \/>\n<meta property=\"og:title\" content=\"Maixa Sol\u00e0 S\u00e0nchez Terapeuta infantil y juvenil &#8226; Damara\" \/>\n<meta property=\"og:description\" content=\"Psic\u00f3loga y terapeuta infantil y juvenil. M\u00e1ster en Psicolog\u00eda Social (UAB). Formada en Terapia Gestalt, Sist\u00e9mica familiar y Terapia de Juego. Especializada en acompa\u00f1amiento a ni\u00f1os, j\u00f3venes y a sus familias en contextos de vulnerabilidad social.\" \/>\n<meta property=\"og:url\" content=\"https:\/\/damara.cat\/es\/maixa-sola-sanchez-terapeuta-infantil-y-juvenil\/\" \/>\n<meta property=\"og:site_name\" content=\"Damara\" \/>\n<meta property=\"article:publisher\" content=\"https:\/\/www.facebook.com\/damara.cat\/\" \/>\n<meta property=\"article:modified_time\" content=\"2020-12-01T11:27:41+00:00\" \/>\n<meta property=\"og:image\" content=\"https:\/\/damara.cat\/wp-content\/uploads\/2019\/09\/Damara-Maixa-Sola-Sanchez-Terapeuta-infantil-juvenil-3.jpg\" \/>\n\t<meta property=\"og:image:width\" content=\"500\" \/>\n\t<meta property=\"og:image:height\" content=\"500\" \/>\n\t<meta property=\"og:image:type\" content=\"image\/jpeg\" \/>\n<meta name=\"twitter:card\" content=\"summary_large_image\" \/>\n<meta name=\"twitter:label1\" content=\"Tiempo de lectura\" \/>\n\t<meta name=\"twitter:data1\" content=\"7 minutos\" \/>\n<script type=\"application\/ld+json\" class=\"yoast-schema-graph\">{\"@context\":\"https:\\\/\\\/schema.org\",\"@graph\":[{\"@type\":\"WebPage\",\"@id\":\"https:\\\/\\\/damara.cat\\\/es\\\/maixa-sola-sanchez-terapeuta-infantil-y-juvenil\\\/\",\"url\":\"https:\\\/\\\/damara.cat\\\/es\\\/maixa-sola-sanchez-terapeuta-infantil-y-juvenil\\\/\",\"name\":\"Maixa Sol\u00e0 S\u00e0nchez Terapeuta infantil y juvenil &#8226; Damara\",\"isPartOf\":{\"@id\":\"https:\\\/\\\/damara.cat\\\/es\\\/#website\"},\"primaryImageOfPage\":{\"@id\":\"https:\\\/\\\/damara.cat\\\/es\\\/maixa-sola-sanchez-terapeuta-infantil-y-juvenil\\\/#primaryimage\"},\"image\":{\"@id\":\"https:\\\/\\\/damara.cat\\\/es\\\/maixa-sola-sanchez-terapeuta-infantil-y-juvenil\\\/#primaryimage\"},\"thumbnailUrl\":\"https:\\\/\\\/damara.cat\\\/wp-content\\\/uploads\\\/2019\\\/09\\\/Damara-Maixa-Sola-Sanchez-Terapeuta-infantil-juvenil-3.jpg\",\"datePublished\":\"2020-09-14T20:48:04+00:00\",\"dateModified\":\"2020-12-01T11:27:41+00:00\",\"description\":\"Psic\u00f3loga y terapeuta infantil y juvenil. M\u00e1ster en Psicolog\u00eda Social (UAB). Formada en Terapia Gestalt, Sist\u00e9mica familiar y Terapia de Juego. Especializada en acompa\u00f1amiento a ni\u00f1os, j\u00f3venes y a sus familias en contextos de vulnerabilidad social.\",\"breadcrumb\":{\"@id\":\"https:\\\/\\\/damara.cat\\\/es\\\/maixa-sola-sanchez-terapeuta-infantil-y-juvenil\\\/#breadcrumb\"},\"inLanguage\":\"es\",\"potentialAction\":[{\"@type\":\"ReadAction\",\"target\":[\"https:\\\/\\\/damara.cat\\\/es\\\/maixa-sola-sanchez-terapeuta-infantil-y-juvenil\\\/\"]}]},{\"@type\":\"ImageObject\",\"inLanguage\":\"es\",\"@id\":\"https:\\\/\\\/damara.cat\\\/es\\\/maixa-sola-sanchez-terapeuta-infantil-y-juvenil\\\/#primaryimage\",\"url\":\"https:\\\/\\\/damara.cat\\\/wp-content\\\/uploads\\\/2019\\\/09\\\/Damara-Maixa-Sola-Sanchez-Terapeuta-infantil-juvenil-3.jpg\",\"contentUrl\":\"https:\\\/\\\/damara.cat\\\/wp-content\\\/uploads\\\/2019\\\/09\\\/Damara-Maixa-Sola-Sanchez-Terapeuta-infantil-juvenil-3.jpg\",\"width\":500,\"height\":500},{\"@type\":\"BreadcrumbList\",\"@id\":\"https:\\\/\\\/damara.cat\\\/es\\\/maixa-sola-sanchez-terapeuta-infantil-y-juvenil\\\/#breadcrumb\",\"itemListElement\":[{\"@type\":\"ListItem\",\"position\":1,\"name\":\"Portada\",\"item\":\"https:\\\/\\\/damara.cat\\\/es\\\/\"},{\"@type\":\"ListItem\",\"position\":2,\"name\":\"Maixa Sol\u00e0 S\u00e0nchez Terapeuta infantil y juvenil\"}]},{\"@type\":\"WebSite\",\"@id\":\"https:\\\/\\\/damara.cat\\\/es\\\/#website\",\"url\":\"https:\\\/\\\/damara.cat\\\/es\\\/\",\"name\":\"Damara\",\"description\":\"Acompanyament a infants i fam\u00edlies\",\"publisher\":{\"@id\":\"https:\\\/\\\/damara.cat\\\/es\\\/#organization\"},\"potentialAction\":[{\"@type\":\"SearchAction\",\"target\":{\"@type\":\"EntryPoint\",\"urlTemplate\":\"https:\\\/\\\/damara.cat\\\/es\\\/?s={search_term_string}\"},\"query-input\":{\"@type\":\"PropertyValueSpecification\",\"valueRequired\":true,\"valueName\":\"search_term_string\"}}],\"inLanguage\":\"es\"},{\"@type\":\"Organization\",\"@id\":\"https:\\\/\\\/damara.cat\\\/es\\\/#organization\",\"name\":\"Damara\",\"url\":\"https:\\\/\\\/damara.cat\\\/es\\\/\",\"logo\":{\"@type\":\"ImageObject\",\"inLanguage\":\"es\",\"@id\":\"https:\\\/\\\/damara.cat\\\/es\\\/#\\\/schema\\\/logo\\\/image\\\/\",\"url\":\"https:\\\/\\\/damara.cat\\\/wp-content\\\/uploads\\\/2019\\\/03\\\/Damara-acompanyament-a-infants-i-families-1000-2.png\",\"contentUrl\":\"https:\\\/\\\/damara.cat\\\/wp-content\\\/uploads\\\/2019\\\/03\\\/Damara-acompanyament-a-infants-i-families-1000-2.png\",\"width\":1000,\"height\":538,\"caption\":\"Damara\"},\"image\":{\"@id\":\"https:\\\/\\\/damara.cat\\\/es\\\/#\\\/schema\\\/logo\\\/image\\\/\"},\"sameAs\":[\"https:\\\/\\\/www.facebook.com\\\/damara.cat\\\/\"]}]}<\/script>\n<!-- \/ Yoast SEO plugin. -->","yoast_head_json":{"title":"Maixa Sol\u00e0 S\u00e0nchez Terapeuta infantil y juvenil &#8226; Damara","description":"Psic\u00f3loga y terapeuta infantil y juvenil. M\u00e1ster en Psicolog\u00eda Social (UAB). Formada en Terapia Gestalt, Sist\u00e9mica familiar y Terapia de Juego. Especializada en acompa\u00f1amiento a ni\u00f1os, j\u00f3venes y a sus familias en contextos de vulnerabilidad social.","robots":{"index":"index","follow":"follow","max-snippet":"max-snippet:-1","max-image-preview":"max-image-preview:large","max-video-preview":"max-video-preview:-1"},"canonical":"https:\/\/damara.cat\/es\/maixa-sola-sanchez-terapeuta-infantil-y-juvenil\/","og_locale":"es_ES","og_type":"article","og_title":"Maixa Sol\u00e0 S\u00e0nchez Terapeuta infantil y juvenil &#8226; Damara","og_description":"Psic\u00f3loga y terapeuta infantil y juvenil. M\u00e1ster en Psicolog\u00eda Social (UAB). Formada en Terapia Gestalt, Sist\u00e9mica familiar y Terapia de Juego. Especializada en acompa\u00f1amiento a ni\u00f1os, j\u00f3venes y a sus familias en contextos de vulnerabilidad social.","og_url":"https:\/\/damara.cat\/es\/maixa-sola-sanchez-terapeuta-infantil-y-juvenil\/","og_site_name":"Damara","article_publisher":"https:\/\/www.facebook.com\/damara.cat\/","article_modified_time":"2020-12-01T11:27:41+00:00","og_image":[{"width":500,"height":500,"url":"https:\/\/damara.cat\/wp-content\/uploads\/2019\/09\/Damara-Maixa-Sola-Sanchez-Terapeuta-infantil-juvenil-3.jpg","type":"image\/jpeg"}],"twitter_card":"summary_large_image","twitter_misc":{"Tiempo de lectura":"7 minutos"},"schema":{"@context":"https:\/\/schema.org","@graph":[{"@type":"WebPage","@id":"https:\/\/damara.cat\/es\/maixa-sola-sanchez-terapeuta-infantil-y-juvenil\/","url":"https:\/\/damara.cat\/es\/maixa-sola-sanchez-terapeuta-infantil-y-juvenil\/","name":"Maixa Sol\u00e0 S\u00e0nchez Terapeuta infantil y juvenil &#8226; Damara","isPartOf":{"@id":"https:\/\/damara.cat\/es\/#website"},"primaryImageOfPage":{"@id":"https:\/\/damara.cat\/es\/maixa-sola-sanchez-terapeuta-infantil-y-juvenil\/#primaryimage"},"image":{"@id":"https:\/\/damara.cat\/es\/maixa-sola-sanchez-terapeuta-infantil-y-juvenil\/#primaryimage"},"thumbnailUrl":"https:\/\/damara.cat\/wp-content\/uploads\/2019\/09\/Damara-Maixa-Sola-Sanchez-Terapeuta-infantil-juvenil-3.jpg","datePublished":"2020-09-14T20:48:04+00:00","dateModified":"2020-12-01T11:27:41+00:00","description":"Psic\u00f3loga y terapeuta infantil y juvenil. M\u00e1ster en Psicolog\u00eda Social (UAB). Formada en Terapia Gestalt, Sist\u00e9mica familiar y Terapia de Juego. Especializada en acompa\u00f1amiento a ni\u00f1os, j\u00f3venes y a sus familias en contextos de vulnerabilidad social.","breadcrumb":{"@id":"https:\/\/damara.cat\/es\/maixa-sola-sanchez-terapeuta-infantil-y-juvenil\/#breadcrumb"},"inLanguage":"es","potentialAction":[{"@type":"ReadAction","target":["https:\/\/damara.cat\/es\/maixa-sola-sanchez-terapeuta-infantil-y-juvenil\/"]}]},{"@type":"ImageObject","inLanguage":"es","@id":"https:\/\/damara.cat\/es\/maixa-sola-sanchez-terapeuta-infantil-y-juvenil\/#primaryimage","url":"https:\/\/damara.cat\/wp-content\/uploads\/2019\/09\/Damara-Maixa-Sola-Sanchez-Terapeuta-infantil-juvenil-3.jpg","contentUrl":"https:\/\/damara.cat\/wp-content\/uploads\/2019\/09\/Damara-Maixa-Sola-Sanchez-Terapeuta-infantil-juvenil-3.jpg","width":500,"height":500},{"@type":"BreadcrumbList","@id":"https:\/\/damara.cat\/es\/maixa-sola-sanchez-terapeuta-infantil-y-juvenil\/#breadcrumb","itemListElement":[{"@type":"ListItem","position":1,"name":"Portada","item":"https:\/\/damara.cat\/es\/"},{"@type":"ListItem","position":2,"name":"Maixa Sol\u00e0 S\u00e0nchez Terapeuta infantil y juvenil"}]},{"@type":"WebSite","@id":"https:\/\/damara.cat\/es\/#website","url":"https:\/\/damara.cat\/es\/","name":"Damara","description":"Acompanyament a infants i fam\u00edlies","publisher":{"@id":"https:\/\/damara.cat\/es\/#organization"},"potentialAction":[{"@type":"SearchAction","target":{"@type":"EntryPoint","urlTemplate":"https:\/\/damara.cat\/es\/?s={search_term_string}"},"query-input":{"@type":"PropertyValueSpecification","valueRequired":true,"valueName":"search_term_string"}}],"inLanguage":"es"},{"@type":"Organization","@id":"https:\/\/damara.cat\/es\/#organization","name":"Damara","url":"https:\/\/damara.cat\/es\/","logo":{"@type":"ImageObject","inLanguage":"es","@id":"https:\/\/damara.cat\/es\/#\/schema\/logo\/image\/","url":"https:\/\/damara.cat\/wp-content\/uploads\/2019\/03\/Damara-acompanyament-a-infants-i-families-1000-2.png","contentUrl":"https:\/\/damara.cat\/wp-content\/uploads\/2019\/03\/Damara-acompanyament-a-infants-i-families-1000-2.png","width":1000,"height":538,"caption":"Damara"},"image":{"@id":"https:\/\/damara.cat\/es\/#\/schema\/logo\/image\/"},"sameAs":["https:\/\/www.facebook.com\/damara.cat\/"]}]}},"_links":{"self":[{"href":"https:\/\/damara.cat\/es\/wp-json\/wp\/v2\/pages\/24524","targetHints":{"allow":["GET"]}}],"collection":[{"href":"https:\/\/damara.cat\/es\/wp-json\/wp\/v2\/pages"}],"about":[{"href":"https:\/\/damara.cat\/es\/wp-json\/wp\/v2\/types\/page"}],"author":[{"embeddable":true,"href":"https:\/\/damara.cat\/es\/wp-json\/wp\/v2\/users\/4"}],"replies":[{"embeddable":true,"href":"https:\/\/damara.cat\/es\/wp-json\/wp\/v2\/comments?post=24524"}],"version-history":[{"count":0,"href":"https:\/\/damara.cat\/es\/wp-json\/wp\/v2\/pages\/24524\/revisions"}],"wp:featuredmedia":[{"embeddable":true,"href":"https:\/\/damara.cat\/es\/wp-json\/wp\/v2\/media\/24454"}],"wp:attachment":[{"href":"https:\/\/damara.cat\/es\/wp-json\/wp\/v2\/media?parent=24524"}],"curies":[{"name":"wp","href":"https:\/\/api.w.org\/{rel}","templated":true}]}}